{"id":4243,"date":"2026-04-23T17:49:20","date_gmt":"2026-04-23T14:49:20","guid":{"rendered":"https:\/\/sites.abo.fi\/centre-for-sustainable-ocean-science\/?post_type=events&#038;p=4243"},"modified":"2026-04-23T17:49:21","modified_gmt":"2026-04-23T14:49:21","slug":"valodlare","status":"publish","type":"events","link":"https:\/\/sites.abo.fi\/centre-for-sustainable-ocean-science\/sv\/events\/valodlare\/","title":{"rendered":"Valodlare"},"content":{"rendered":"\n<figure class=\"wp-block-image size-large\"><img loading=\"lazy\" decoding=\"async\" width=\"1024\" height=\"512\" src=\"https:\/\/sites.abo.fi\/centre-for-sustainable-ocean-science\/wp-content\/uploads\/sites\/11\/2026\/01\/WhaleFarmers-Logo-1200x600-1-1024x512.png\" alt=\"\" class=\"wp-image-3151\" srcset=\"https:\/\/sites.abo.fi\/centre-for-sustainable-ocean-science\/wp-content\/uploads\/sites\/11\/2026\/01\/WhaleFarmers-Logo-1200x600-1-1024x512.png 1024w, https:\/\/sites.abo.fi\/centre-for-sustainable-ocean-science\/wp-content\/uploads\/sites\/11\/2026\/01\/WhaleFarmers-Logo-1200x600-1-300x150.png 300w, https:\/\/sites.abo.fi\/centre-for-sustainable-ocean-science\/wp-content\/uploads\/sites\/11\/2026\/01\/WhaleFarmers-Logo-1200x600-1-768x384.png 768w, https:\/\/sites.abo.fi\/centre-for-sustainable-ocean-science\/wp-content\/uploads\/sites\/11\/2026\/01\/WhaleFarmers-Logo-1200x600-1.png 1200w\" sizes=\"auto, (max-width: 1024px) 100vw, 1024px\" \/><\/figure>\n\n\n\n<h1 class=\"wp-block-heading has-theme-palette-1-color has-text-color has-link-color wp-elements-1e7d47859e749d7448af44f77338442e\">Valodlare-veckan<\/h1>\n\n\n\n<p class=\"has-medium-font-size\" style=\"font-style:normal;font-weight:600\">Valodlare \u00e4r ett veckol\u00e5ngt multikonstevenemang i \u00c5bo Gamla Stortorget 8.-14.6.2026. Evenemanget \u00e4r gratis och \u00f6ppet f\u00f6r alla.<\/p>\n\n\n\n<p style=\"font-size:18px\">Valar \u00e4r mekaniska vattenblandare i haven som s\u00e4kerst\u00e4ller blandningen av vattenmassor. Med den globala uppv\u00e4rmningen stiger temperaturen i ytvattnet, och vattnet blandas inte l\u00e4ngre p\u00e5 grund av temperaturskillnaden. Detta kommer att leda till en situation d\u00e4r grunden f\u00f6r marinekosystemets n\u00e4ringskedja \u2013 produktionen av v\u00e4xtplankton \u2013 kommer att kollapsa inom hundra \u00e5r. Inget plankton \u2013&gt; inga fiskar. Inom hundra \u00e5r.<\/p>\n\n\n\n<p style=\"font-size:18px\">En &#8216;valodlare&#8217; \u00e4r en person som, trots sin oro f\u00f6r milj\u00f6n, aktivt skyddar och uppr\u00e4tth\u00e5ller marinmilj\u00f6n.<\/p>\n\n\n\n<p style=\"font-size:18px\">Valaankasvattaja \u00e4r ett forskningsprojekt inom vetenskap och konst som j\u00e4mf\u00f6r evolution\u00e4ra data fr\u00e5n mikroalger och utifr\u00e5n dessa skapar modeller f\u00f6r framtiden. Projektet <a href=\"https:\/\/sites.abo.fi\/centre-for-sustainable-ocean-science\/blog_birth-of-the-whale-farmer-project\/\">presenterar resultaten fr\u00e5n MIMOSA-studien<\/a> f\u00f6r inv\u00e5narna i \u00c5bo i ett veckol\u00e5ngt multikonstevenemang i Gamla Stortorget 8.-14.6.2026. Samarbetspartners inkluderar Fern Orchestra, SOS &#8211; Center f\u00f6r H\u00e5llbar Havsvetenskap, \u00c5bo Akademi, Finlands milj\u00f6central SYKE och Regional danscentret i V\u00e4stra Finland.<\/p>\n\n\n\n<p style=\"font-size:18px\">Evenemanget kommer att ge tillg\u00e5ng till forskningsdata och en m\u00f6jlighet att diskutera framtidens hav med forskare och konstn\u00e4rer. En tredimensionell textilskulptur kallad <em>Keijusto<\/em>, virkad av alger, kommer att monteras och alla \u00e4r v\u00e4lkomna att virka den. <\/p>\n\n\n\n<p style=\"font-size:18px\">Valodlare-veckan kulminerar i en gemensam dansf\u00f6rest\u00e4llning, <em>Keijunta<\/em>, som kommer att \u00e4ga rum bland textilskulpturerna. F\u00f6rest\u00e4llningen arrangeras av professionella konstn\u00e4rer fr\u00e5n Fern Orchestra, ett kollektiv inom vetenskap och konst som arbetar med v\u00e4xter och mikroalger p\u00e5 ett milj\u00f6medvetet s\u00e4tt.<\/p>\n\n\n\n<h2 class=\"wp-block-heading has-medium-font-size\" style=\"font-style:normal;font-weight:400\"><em>Keijunta <\/em>f\u00f6rest\u00e4llningar:<\/h2>\n\n\n\n<ul class=\"wp-block-list\">\n<li style=\"font-size:18px\">fredagen den 12 juni kl. 18.00 (premi\u00e4r)<\/li>\n\n\n\n<li style=\"font-size:18px\">l\u00f6rdagen den 13 juni kl. 15.00 och 18.00<\/li>\n<\/ul>\n\n\n\n<p style=\"font-size:18px\">Mer information om projektet finns p\u00e5 <a href=\"https:\/\/fernorchestra.com\/sv\/photography\/valaankasvattaja\" target=\"_blank\" rel=\"noreferrer noopener\">Fern Orchestras webbplats<\/a>.<\/p>\n\n\n\n<div style=\"height:20px\" aria-hidden=\"true\" class=\"wp-block-spacer\"><\/div>\n","protected":false},"excerpt":{"rendered":"<p>Valodlare-veckan Valodlare \u00e4r ett veckol\u00e5ngt multikonstevenemang i \u00c5bo Gamla Stortorget 8.-14.6.2026. Evenemanget \u00e4r gratis och \u00f6ppet f\u00f6r alla. Valar \u00e4r mekaniska vattenblandare i haven som s\u00e4kerst\u00e4ller blandningen av vattenmassor. Med den globala uppv\u00e4rmningen stiger temperaturen i ytvattnet, och vattnet blandas inte l\u00e4ngre p\u00e5 grund av temperaturskillnaden. Detta kommer att leda till en situation d\u00e4r grunden&#8230;<\/p>\n","protected":false},"featured_media":0,"template":"","meta":{"_acf_changed":true,"inline_featured_image":false,"_kad_blocks_custom_css":"","_kad_blocks_head_custom_js":"","_kad_blocks_body_custom_js":"","_kad_blocks_footer_custom_js":"","_kad_post_transparent":"","_kad_post_title":"","_kad_post_layout":"","_kad_post_sidebar_id":"","_kad_post_content_style":"","_kad_post_vertical_padding":"","_kad_post_feature":"","_kad_post_feature_position":"","_kad_post_header":false,"_kad_post_footer":false,"_kad_post_classname":""},"categories":[157],"tags":[],"class_list":["post-4243","events","type-events","status-publish","hentry","category-tidigare-evenemang"],"acf":[],"lang":"sv","translations":{"sv":4243,"fi":4242,"en":4234},"taxonomy_info":{"category":[{"value":157,"label":"Tidigare evenemang"}]},"featured_image_src_large":false,"author_info":[],"comment_info":"","pll_sync_post":[],"_links":{"self":[{"href":"https:\/\/sites.abo.fi\/centre-for-sustainable-ocean-science\/wp-json\/wp\/v2\/events\/4243","targetHints":{"allow":["GET"]}}],"collection":[{"href":"https:\/\/sites.abo.fi\/centre-for-sustainable-ocean-science\/wp-json\/wp\/v2\/events"}],"about":[{"href":"https:\/\/sites.abo.fi\/centre-for-sustainable-ocean-science\/wp-json\/wp\/v2\/types\/events"}],"wp:attachment":[{"href":"https:\/\/sites.abo.fi\/centre-for-sustainable-ocean-science\/wp-json\/wp\/v2\/media?parent=4243"}],"wp:term":[{"taxonomy":"category","embeddable":true,"href":"https:\/\/sites.abo.fi\/centre-for-sustainable-ocean-science\/wp-json\/wp\/v2\/categories?post=4243"},{"taxonomy":"post_tag","embeddable":true,"href":"https:\/\/sites.abo.fi\/centre-for-sustainable-ocean-science\/wp-json\/wp\/v2\/tags?post=4243"}],"curies":[{"name":"wp","href":"https:\/\/api.w.org\/{rel}","templated":true}]}}